{"id":3798,"date":"2017-06-19T23:23:01","date_gmt":"2017-06-19T23:23:01","guid":{"rendered":"https:\/\/\/\/suis.cat\/?page_id=3798"},"modified":"2024-09-18T09:41:49","modified_gmt":"2024-09-18T09:41:49","slug":"eventos-empresa","status":"publish","type":"page","link":"https:\/\/suis.cat\/es\/eventos-empresa\/","title":{"rendered":"Events d&#8217;empresa"},"content":{"rendered":"<div data-elementor-type=\"wp-page\" data-elementor-id=\"3798\" class=\"elementor elementor-3798\" data-elementor-post-type=\"page\">\n\t\t\t\t\t\t<section class=\"elementor-section elementor-top-section elementor-element elementor-element-65c2358 elementor-section-full_width elementor-section-height-min-height elementor-section-height-default elementor-section-items-middle\" data-id=\"65c2358\" data-element_type=\"section\" data-e-type=\"section\" data-settings=\"{&quot;background_background&quot;:&quot;classic&quot;}\">\n\t\t\t\t\t\t<div class=\"elementor-container elementor-column-gap-default\">\n\t\t\t\t\t<div class=\"elementor-column elementor-col-100 elementor-top-column elementor-element elementor-element-d0940a5\" data-id=\"d0940a5\" data-element_type=\"column\" data-e-type=\"column\">\n\t\t\t<div class=\"elementor-widget-wrap\">\n\t\t\t\t\t\t\t<\/div>\n\t\t<\/div>\n\t\t\t\t\t<\/div>\n\t\t<\/section>\n\t\t\t\t<section class=\"elementor-section elementor-top-section elementor-element elementor-element-5f1bc7df elementor-section-boxed elementor-section-height-default elementor-section-height-default\" data-id=\"5f1bc7df\" data-element_type=\"section\" data-e-type=\"section\">\n\t\t\t\t\t\t<div class=\"elementor-container elementor-column-gap-default\">\n\t\t\t\t\t<div class=\"elementor-column elementor-col-100 elementor-top-column elementor-element elementor-element-5cf33d09\" data-id=\"5cf33d09\" data-element_type=\"column\" data-e-type=\"column\">\n\t\t\t<div class=\"elementor-widget-wrap elementor-element-populated\">\n\t\t\t\t\t\t<div class=\"elementor-element elementor-element-57da2fa1 elementor-widget elementor-widget-text-editor\" data-id=\"57da2fa1\" data-element_type=\"widget\" data-e-type=\"widget\" data-widget_type=\"text-editor.default\">\n\t\t\t\t<div class=\"elementor-widget-container\">\n\t\t\t\t\t\t\t\t\t<div class=\"one\">\n<div class=\"page_content_wrapper nopadding\">\n<div class=\"one_half_bg textright\" style=\"padding:0px;\">\n<div class=\"nicepadding\">\n<p>La segona planta del local compta amb una sala di\u00e0fana, de 200 m\u00b2 sense columnes i amb finestres a banda i banda, que s\u2019ha convertit en un dels espais m\u00e9s ben equipats de Sabadell per fer celebracions.<\/p>\n<p>S\u2019hi han festejat batejos, comunions, aniversaris, noces d\u2019or i de plata, reunions d\u2019empresa, petits casaments\u2026 S\u2019hi respira un ambient elegant i sobri que, a m\u00e9s, compta amb una cuina de primera l\u00ednia.<\/p>\n<p>Est\u00e0 equipat amb tecnologia punta: el projector funciona per wi-fi, els micr\u00f2fons s\u00f3n sense fil, i l\u2019equip de so i multim\u00e8dia s\u2019ha renovat fa poc.&nbsp;<\/p><p>A m\u00e9s, els llums de discoteca que hi ha s\u00f3n ideals per il\u00b7luminar i engrescar els grups que vulguin ballar.<\/p>\n<p>Per m\u00e9s informaci\u00f3 no dubti en contactar amb nosaltres.<\/p>\n<\/div>\n<\/div>\n<div class=\"one_half_bg\"><\/div>\n<p><br class=\"clear\"><\/p>\n<\/div>\n<\/div>\n<div class=\"one\">\n<div class=\"page_content_wrapper nopadding\">\n<div class=\"one_half_bg textright\" style=\"padding:0px;\">\n<div class=\"nicepadding\">\n<p><br><\/p>\n<\/div>\n<\/div>\n<div class=\"one_half_bg\"><\/div>\n<p><br class=\"clear\"><\/p>\n<\/div>\n<\/div>\t\t\t\t\t\t\t\t<\/div>\n\t\t\t\t<\/div>\n\t\t\t\t\t<\/div>\n\t\t<\/div>\n\t\t\t\t\t<\/div>\n\t\t<\/section>\n\t\t\t\t<section class=\"elementor-section elementor-top-section elementor-element elementor-element-a7fd441 elementor-section-boxed elementor-section-height-default elementor-section-height-default\" data-id=\"a7fd441\" data-element_type=\"section\" data-e-type=\"section\">\n\t\t\t\t\t\t<div class=\"elementor-container elementor-column-gap-default\">\n\t\t\t\t\t<div class=\"elementor-column elementor-col-100 elementor-top-column elementor-element elementor-element-1082014\" data-id=\"1082014\" data-element_type=\"column\" data-e-type=\"column\">\n\t\t\t<div class=\"elementor-widget-wrap elementor-element-populated\">\n\t\t\t\t\t\t<div class=\"elementor-element elementor-element-5b46625 elementor-widget elementor-widget-gallery\" data-id=\"5b46625\" data-element_type=\"widget\" data-e-type=\"widget\" data-settings=\"{&quot;gallery_layout&quot;:&quot;masonry&quot;,&quot;lazyload&quot;:&quot;yes&quot;,&quot;columns&quot;:4,&quot;columns_tablet&quot;:2,&quot;columns_mobile&quot;:1,&quot;gap&quot;:{&quot;unit&quot;:&quot;px&quot;,&quot;size&quot;:10,&quot;sizes&quot;:[]},&quot;gap_tablet&quot;:{&quot;unit&quot;:&quot;px&quot;,&quot;size&quot;:10,&quot;sizes&quot;:[]},&quot;gap_mobile&quot;:{&quot;unit&quot;:&quot;px&quot;,&quot;size&quot;:10,&quot;sizes&quot;:[]},&quot;link_to&quot;:&quot;file&quot;,&quot;overlay_background&quot;:&quot;yes&quot;,&quot;content_hover_animation&quot;:&quot;fade-in&quot;}\" data-widget_type=\"gallery.default\">\n\t\t\t\t<div class=\"elementor-widget-container\">\n\t\t\t\t\t\t\t<div class=\"elementor-gallery__container\">\n\t\t\t\t\t\t\t<a class=\"e-gallery-item elementor-gallery-item elementor-animated-content\" href=\"https:\/\/suis.cat\/wp-content\/uploads\/2017\/06\/0002Fotos_interiores_platos_SUIS_Sabadell210917.jpg\" data-elementor-open-lightbox=\"yes\" data-elementor-lightbox-slideshow=\"5b46625\" data-elementor-lightbox-title=\"Fotos interiores y de platos de Suis a Sabadell\" data-e-action-hash=\"#elementor-action%3Aaction%3Dlightbox%26settings%3DeyJpZCI6NDI5MywidXJsIjoiaHR0cHM6XC9cL3N1aXMuY2F0XC93cC1jb250ZW50XC91cGxvYWRzXC8yMDE3XC8wNlwvMDAwMkZvdG9zX2ludGVyaW9yZXNfcGxhdG9zX1NVSVNfU2FiYWRlbGwyMTA5MTcuanBnIiwic2xpZGVzaG93IjoiNWI0NjYyNSJ9\">\n\t\t\t\t\t<div class=\"e-gallery-image elementor-gallery-item__image\" data-thumbnail=\"https:\/\/suis.cat\/wp-content\/uploads\/2017\/06\/0002Fotos_interiores_platos_SUIS_Sabadell210917.jpg\" data-width=\"1200\" data-height=\"800\" aria-label=\"\" role=\"img\" ><\/div>\n\t\t\t\t\t\t\t\t\t\t\t<div class=\"elementor-gallery-item__overlay\"><\/div>\n\t\t\t\t\t\t\t\t\t\t\t\t\t\t<\/a>\n\t\t\t\t\t\t\t<a class=\"e-gallery-item elementor-gallery-item elementor-animated-content\" href=\"https:\/\/suis.cat\/wp-content\/uploads\/2017\/06\/0007Fotos_interiores_platos_SUIS_Sabadell210917.jpg\" data-elementor-open-lightbox=\"yes\" data-elementor-lightbox-slideshow=\"5b46625\" data-elementor-lightbox-title=\"Fotos interiores y de platos de Suis a Sabadell\" data-e-action-hash=\"#elementor-action%3Aaction%3Dlightbox%26settings%3DeyJpZCI6NDI5NCwidXJsIjoiaHR0cHM6XC9cL3N1aXMuY2F0XC93cC1jb250ZW50XC91cGxvYWRzXC8yMDE3XC8wNlwvMDAwN0ZvdG9zX2ludGVyaW9yZXNfcGxhdG9zX1NVSVNfU2FiYWRlbGwyMTA5MTcuanBnIiwic2xpZGVzaG93IjoiNWI0NjYyNSJ9\">\n\t\t\t\t\t<div class=\"e-gallery-image elementor-gallery-item__image\" data-thumbnail=\"https:\/\/suis.cat\/wp-content\/uploads\/2017\/06\/0007Fotos_interiores_platos_SUIS_Sabadell210917.jpg\" data-width=\"1200\" data-height=\"800\" aria-label=\"\" role=\"img\" ><\/div>\n\t\t\t\t\t\t\t\t\t\t\t<div class=\"elementor-gallery-item__overlay\"><\/div>\n\t\t\t\t\t\t\t\t\t\t\t\t\t\t<\/a>\n\t\t\t\t\t\t\t<a class=\"e-gallery-item elementor-gallery-item elementor-animated-content\" href=\"https:\/\/suis.cat\/wp-content\/uploads\/2017\/06\/0018Fotos_interiores_platos_SUIS_Sabadell210917.jpg\" data-elementor-open-lightbox=\"yes\" data-elementor-lightbox-slideshow=\"5b46625\" data-elementor-lightbox-title=\"Fotos interiores y de platos de Suis a Sabadell\" data-e-action-hash=\"#elementor-action%3Aaction%3Dlightbox%26settings%3DeyJpZCI6NDI5OSwidXJsIjoiaHR0cHM6XC9cL3N1aXMuY2F0XC93cC1jb250ZW50XC91cGxvYWRzXC8yMDE3XC8wNlwvMDAxOEZvdG9zX2ludGVyaW9yZXNfcGxhdG9zX1NVSVNfU2FiYWRlbGwyMTA5MTcuanBnIiwic2xpZGVzaG93IjoiNWI0NjYyNSJ9\">\n\t\t\t\t\t<div class=\"e-gallery-image elementor-gallery-item__image\" data-thumbnail=\"https:\/\/suis.cat\/wp-content\/uploads\/2017\/06\/0018Fotos_interiores_platos_SUIS_Sabadell210917.jpg\" data-width=\"1200\" data-height=\"800\" aria-label=\"\" role=\"img\" ><\/div>\n\t\t\t\t\t\t\t\t\t\t\t<div class=\"elementor-gallery-item__overlay\"><\/div>\n\t\t\t\t\t\t\t\t\t\t\t\t\t\t<\/a>\n\t\t\t\t\t\t\t<a class=\"e-gallery-item elementor-gallery-item elementor-animated-content\" href=\"https:\/\/suis.cat\/wp-content\/uploads\/2017\/06\/0015Fotos_interiores_platos_SUIS_Sabadell210917.jpg\" data-elementor-open-lightbox=\"yes\" data-elementor-lightbox-slideshow=\"5b46625\" data-elementor-lightbox-title=\"Fotos interiores y de platos de Suis a Sabadell\" data-e-action-hash=\"#elementor-action%3Aaction%3Dlightbox%26settings%3DeyJpZCI6NDI5OCwidXJsIjoiaHR0cHM6XC9cL3N1aXMuY2F0XC93cC1jb250ZW50XC91cGxvYWRzXC8yMDE3XC8wNlwvMDAxNUZvdG9zX2ludGVyaW9yZXNfcGxhdG9zX1NVSVNfU2FiYWRlbGwyMTA5MTcuanBnIiwic2xpZGVzaG93IjoiNWI0NjYyNSJ9\">\n\t\t\t\t\t<div class=\"e-gallery-image elementor-gallery-item__image\" data-thumbnail=\"https:\/\/suis.cat\/wp-content\/uploads\/2017\/06\/0015Fotos_interiores_platos_SUIS_Sabadell210917.jpg\" data-width=\"1200\" data-height=\"800\" aria-label=\"\" role=\"img\" ><\/div>\n\t\t\t\t\t\t\t\t\t\t\t<div class=\"elementor-gallery-item__overlay\"><\/div>\n\t\t\t\t\t\t\t\t\t\t\t\t\t\t<\/a>\n\t\t\t\t\t\t\t<a class=\"e-gallery-item elementor-gallery-item elementor-animated-content\" href=\"https:\/\/suis.cat\/wp-content\/uploads\/2017\/06\/0014Fotos_interiores_platos_SUIS_Sabadell210917.jpg\" data-elementor-open-lightbox=\"yes\" data-elementor-lightbox-slideshow=\"5b46625\" data-elementor-lightbox-title=\"Fotos interiores y de platos de Suis a Sabadell\" data-e-action-hash=\"#elementor-action%3Aaction%3Dlightbox%26settings%3DeyJpZCI6NDI5NywidXJsIjoiaHR0cHM6XC9cL3N1aXMuY2F0XC93cC1jb250ZW50XC91cGxvYWRzXC8yMDE3XC8wNlwvMDAxNEZvdG9zX2ludGVyaW9yZXNfcGxhdG9zX1NVSVNfU2FiYWRlbGwyMTA5MTcuanBnIiwic2xpZGVzaG93IjoiNWI0NjYyNSJ9\">\n\t\t\t\t\t<div class=\"e-gallery-image elementor-gallery-item__image\" data-thumbnail=\"https:\/\/suis.cat\/wp-content\/uploads\/2017\/06\/0014Fotos_interiores_platos_SUIS_Sabadell210917.jpg\" data-width=\"1200\" data-height=\"800\" aria-label=\"\" role=\"img\" ><\/div>\n\t\t\t\t\t\t\t\t\t\t\t<div class=\"elementor-gallery-item__overlay\"><\/div>\n\t\t\t\t\t\t\t\t\t\t\t\t\t\t<\/a>\n\t\t\t\t\t\t\t<a class=\"e-gallery-item elementor-gallery-item elementor-animated-content\" href=\"https:\/\/suis.cat\/wp-content\/uploads\/2017\/06\/0012Fotos_interiores_platos_SUIS_Sabadell210917.jpg\" data-elementor-open-lightbox=\"yes\" data-elementor-lightbox-slideshow=\"5b46625\" data-elementor-lightbox-title=\"Fotos interiores y de platos de Suis a Sabadell\" data-e-action-hash=\"#elementor-action%3Aaction%3Dlightbox%26settings%3DeyJpZCI6NDI5NiwidXJsIjoiaHR0cHM6XC9cL3N1aXMuY2F0XC93cC1jb250ZW50XC91cGxvYWRzXC8yMDE3XC8wNlwvMDAxMkZvdG9zX2ludGVyaW9yZXNfcGxhdG9zX1NVSVNfU2FiYWRlbGwyMTA5MTcuanBnIiwic2xpZGVzaG93IjoiNWI0NjYyNSJ9\">\n\t\t\t\t\t<div class=\"e-gallery-image elementor-gallery-item__image\" data-thumbnail=\"https:\/\/suis.cat\/wp-content\/uploads\/2017\/06\/0012Fotos_interiores_platos_SUIS_Sabadell210917.jpg\" data-width=\"1200\" data-height=\"800\" aria-label=\"\" role=\"img\" ><\/div>\n\t\t\t\t\t\t\t\t\t\t\t<div class=\"elementor-gallery-item__overlay\"><\/div>\n\t\t\t\t\t\t\t\t\t\t\t\t\t\t<\/a>\n\t\t\t\t\t\t\t<a class=\"e-gallery-item elementor-gallery-item elementor-animated-content\" href=\"https:\/\/suis.cat\/wp-content\/uploads\/2017\/06\/0010Fotos_interiores_platos_SUIS_Sabadell210917.jpg\" data-elementor-open-lightbox=\"yes\" data-elementor-lightbox-slideshow=\"5b46625\" data-elementor-lightbox-title=\"Fotos interiores y de platos de Suis a Sabadell\" data-e-action-hash=\"#elementor-action%3Aaction%3Dlightbox%26settings%3DeyJpZCI6NDI5NSwidXJsIjoiaHR0cHM6XC9cL3N1aXMuY2F0XC93cC1jb250ZW50XC91cGxvYWRzXC8yMDE3XC8wNlwvMDAxMEZvdG9zX2ludGVyaW9yZXNfcGxhdG9zX1NVSVNfU2FiYWRlbGwyMTA5MTcuanBnIiwic2xpZGVzaG93IjoiNWI0NjYyNSJ9\">\n\t\t\t\t\t<div class=\"e-gallery-image elementor-gallery-item__image\" data-thumbnail=\"https:\/\/suis.cat\/wp-content\/uploads\/2017\/06\/0010Fotos_interiores_platos_SUIS_Sabadell210917.jpg\" data-width=\"1200\" data-height=\"800\" aria-label=\"\" role=\"img\" ><\/div>\n\t\t\t\t\t\t\t\t\t\t\t<div class=\"elementor-gallery-item__overlay\"><\/div>\n\t\t\t\t\t\t\t\t\t\t\t\t\t\t<\/a>\n\t\t\t\t\t\t\t<a class=\"e-gallery-item elementor-gallery-item elementor-animated-content\" href=\"https:\/\/suis.cat\/wp-content\/uploads\/2017\/06\/0019Fotos_interiores_platos_SUIS_Sabadell210917.jpg\" data-elementor-open-lightbox=\"yes\" data-elementor-lightbox-slideshow=\"5b46625\" data-elementor-lightbox-title=\"Fotos interiores y de platos de Suis a Sabadell\" data-e-action-hash=\"#elementor-action%3Aaction%3Dlightbox%26settings%3DeyJpZCI6NDMwMCwidXJsIjoiaHR0cHM6XC9cL3N1aXMuY2F0XC93cC1jb250ZW50XC91cGxvYWRzXC8yMDE3XC8wNlwvMDAxOUZvdG9zX2ludGVyaW9yZXNfcGxhdG9zX1NVSVNfU2FiYWRlbGwyMTA5MTcuanBnIiwic2xpZGVzaG93IjoiNWI0NjYyNSJ9\">\n\t\t\t\t\t<div class=\"e-gallery-image elementor-gallery-item__image\" data-thumbnail=\"https:\/\/suis.cat\/wp-content\/uploads\/2017\/06\/0019Fotos_interiores_platos_SUIS_Sabadell210917.jpg\" data-width=\"1200\" data-height=\"800\" aria-label=\"\" role=\"img\" ><\/div>\n\t\t\t\t\t\t\t\t\t\t\t<div class=\"elementor-gallery-item__overlay\"><\/div>\n\t\t\t\t\t\t\t\t\t\t\t\t\t\t<\/a>\n\t\t\t\t\t\t\t<a class=\"e-gallery-item elementor-gallery-item elementor-animated-content\" href=\"https:\/\/suis.cat\/wp-content\/uploads\/2017\/06\/0025Fotos_interiores_platos_SUIS_Sabadell210917.jpg\" data-elementor-open-lightbox=\"yes\" data-elementor-lightbox-slideshow=\"5b46625\" data-elementor-lightbox-title=\"Fotos interiores y de platos de Suis a Sabadell\" data-e-action-hash=\"#elementor-action%3Aaction%3Dlightbox%26settings%3DeyJpZCI6NDMwMSwidXJsIjoiaHR0cHM6XC9cL3N1aXMuY2F0XC93cC1jb250ZW50XC91cGxvYWRzXC8yMDE3XC8wNlwvMDAyNUZvdG9zX2ludGVyaW9yZXNfcGxhdG9zX1NVSVNfU2FiYWRlbGwyMTA5MTcuanBnIiwic2xpZGVzaG93IjoiNWI0NjYyNSJ9\">\n\t\t\t\t\t<div class=\"e-gallery-image elementor-gallery-item__image\" data-thumbnail=\"https:\/\/suis.cat\/wp-content\/uploads\/2017\/06\/0025Fotos_interiores_platos_SUIS_Sabadell210917.jpg\" data-width=\"1200\" data-height=\"800\" aria-label=\"\" role=\"img\" ><\/div>\n\t\t\t\t\t\t\t\t\t\t\t<div class=\"elementor-gallery-item__overlay\"><\/div>\n\t\t\t\t\t\t\t\t\t\t\t\t\t\t<\/a>\n\t\t\t\t\t\t\t<a class=\"e-gallery-item elementor-gallery-item elementor-animated-content\" href=\"https:\/\/suis.cat\/wp-content\/uploads\/2017\/06\/0027Fotos_interiores_platos_SUIS_Sabadell210917.jpg\" data-elementor-open-lightbox=\"yes\" data-elementor-lightbox-slideshow=\"5b46625\" data-elementor-lightbox-title=\"Fotos interiores y de platos de Suis a Sabadell\" data-e-action-hash=\"#elementor-action%3Aaction%3Dlightbox%26settings%3DeyJpZCI6NDMwMiwidXJsIjoiaHR0cHM6XC9cL3N1aXMuY2F0XC93cC1jb250ZW50XC91cGxvYWRzXC8yMDE3XC8wNlwvMDAyN0ZvdG9zX2ludGVyaW9yZXNfcGxhdG9zX1NVSVNfU2FiYWRlbGwyMTA5MTcuanBnIiwic2xpZGVzaG93IjoiNWI0NjYyNSJ9\">\n\t\t\t\t\t<div class=\"e-gallery-image elementor-gallery-item__image\" data-thumbnail=\"https:\/\/suis.cat\/wp-content\/uploads\/2017\/06\/0027Fotos_interiores_platos_SUIS_Sabadell210917.jpg\" data-width=\"1200\" data-height=\"800\" aria-label=\"\" role=\"img\" ><\/div>\n\t\t\t\t\t\t\t\t\t\t\t<div class=\"elementor-gallery-item__overlay\"><\/div>\n\t\t\t\t\t\t\t\t\t\t\t\t\t\t<\/a>\n\t\t\t\t\t\t\t<a class=\"e-gallery-item elementor-gallery-item elementor-animated-content\" href=\"https:\/\/suis.cat\/wp-content\/uploads\/2017\/06\/0029Fotos_interiores_platos_SUIS_Sabadell210917.jpg\" data-elementor-open-lightbox=\"yes\" data-elementor-lightbox-slideshow=\"5b46625\" data-elementor-lightbox-title=\"Fotos interiores y de platos de Suis a Sabadell\" data-e-action-hash=\"#elementor-action%3Aaction%3Dlightbox%26settings%3DeyJpZCI6NDMwMywidXJsIjoiaHR0cHM6XC9cL3N1aXMuY2F0XC93cC1jb250ZW50XC91cGxvYWRzXC8yMDE3XC8wNlwvMDAyOUZvdG9zX2ludGVyaW9yZXNfcGxhdG9zX1NVSVNfU2FiYWRlbGwyMTA5MTcuanBnIiwic2xpZGVzaG93IjoiNWI0NjYyNSJ9\">\n\t\t\t\t\t<div class=\"e-gallery-image elementor-gallery-item__image\" data-thumbnail=\"https:\/\/suis.cat\/wp-content\/uploads\/2017\/06\/0029Fotos_interiores_platos_SUIS_Sabadell210917.jpg\" data-width=\"1200\" data-height=\"800\" aria-label=\"\" role=\"img\" ><\/div>\n\t\t\t\t\t\t\t\t\t\t\t<div class=\"elementor-gallery-item__overlay\"><\/div>\n\t\t\t\t\t\t\t\t\t\t\t\t\t\t<\/a>\n\t\t\t\t\t\t\t<a class=\"e-gallery-item elementor-gallery-item elementor-animated-content\" href=\"https:\/\/suis.cat\/wp-content\/uploads\/2017\/06\/0036Fotos_interiores_platos_SUIS_Sabadell210917.jpg\" data-elementor-open-lightbox=\"yes\" data-elementor-lightbox-slideshow=\"5b46625\" data-elementor-lightbox-title=\"Fotos interiores y de platos de Suis a Sabadell\" data-e-action-hash=\"#elementor-action%3Aaction%3Dlightbox%26settings%3DeyJpZCI6NDMwNCwidXJsIjoiaHR0cHM6XC9cL3N1aXMuY2F0XC93cC1jb250ZW50XC91cGxvYWRzXC8yMDE3XC8wNlwvMDAzNkZvdG9zX2ludGVyaW9yZXNfcGxhdG9zX1NVSVNfU2FiYWRlbGwyMTA5MTcuanBnIiwic2xpZGVzaG93IjoiNWI0NjYyNSJ9\">\n\t\t\t\t\t<div class=\"e-gallery-image elementor-gallery-item__image\" data-thumbnail=\"https:\/\/suis.cat\/wp-content\/uploads\/2017\/06\/0036Fotos_interiores_platos_SUIS_Sabadell210917.jpg\" data-width=\"1200\" data-height=\"800\" aria-label=\"\" role=\"img\" ><\/div>\n\t\t\t\t\t\t\t\t\t\t\t<div class=\"elementor-gallery-item__overlay\"><\/div>\n\t\t\t\t\t\t\t\t\t\t\t\t\t\t<\/a>\n\t\t\t\t\t<\/div>\n\t\t\t\t\t<\/div>\n\t\t\t\t<\/div>\n\t\t\t\t\t<\/div>\n\t\t<\/div>\n\t\t\t\t\t<\/div>\n\t\t<\/section>\n\t\t\t\t<\/div>","protected":false},"excerpt":{"rendered":"<p>La segona planta del local compta amb una sala di\u00e0fana, de 200 m\u00b2 sense columnes i amb finestres a banda i banda, que s\u2019ha convertit en un dels espais m\u00e9s ben equipats de Sabadell per fer celebracions. S\u2019hi han festejat batejos, comunions, aniversaris, noces d\u2019or i de plata, reunions d\u2019empresa, petits casaments\u2026 S\u2019hi respira un [&hellip;]<\/p>\n","protected":false},"author":1,"featured_media":0,"parent":0,"menu_order":0,"comment_status":"closed","ping_status":"closed","template":"elementor_header_footer","meta":{"footnotes":""},"class_list":["post-3798","page","type-page","status-publish","hentry"],"_links":{"self":[{"href":"https:\/\/suis.cat\/es\/wp-json\/wp\/v2\/pages\/3798","targetHints":{"allow":["GET"]}}],"collection":[{"href":"https:\/\/suis.cat\/es\/wp-json\/wp\/v2\/pages"}],"about":[{"href":"https:\/\/suis.cat\/es\/wp-json\/wp\/v2\/types\/page"}],"author":[{"embeddable":true,"href":"https:\/\/suis.cat\/es\/wp-json\/wp\/v2\/users\/1"}],"replies":[{"embeddable":true,"href":"https:\/\/suis.cat\/es\/wp-json\/wp\/v2\/comments?post=3798"}],"version-history":[{"count":81,"href":"https:\/\/suis.cat\/es\/wp-json\/wp\/v2\/pages\/3798\/revisions"}],"predecessor-version":[{"id":7255,"href":"https:\/\/suis.cat\/es\/wp-json\/wp\/v2\/pages\/3798\/revisions\/7255"}],"wp:attachment":[{"href":"https:\/\/suis.cat\/es\/wp-json\/wp\/v2\/media?parent=3798"}],"curies":[{"name":"wp","href":"https:\/\/api.w.org\/{rel}","templated":true}]}}